{"id":2428,"date":"2021-05-09T14:42:08","date_gmt":"2021-05-09T14:42:08","guid":{"rendered":"https:\/\/esvivencial.com\/?page_id=2428"},"modified":"2022-05-17T11:17:29","modified_gmt":"2022-05-17T11:17:29","slug":"vivencias","status":"publish","type":"page","link":"https:\/\/esvivencial.com\/index.php\/vivencias\/","title":{"rendered":"Vivencias"},"content":{"rendered":"<p>[vc_section css=\u00bb.vc_custom_1620822650156{margin-top: 40px !important;}\u00bb][vc_row][vc_column width=\u00bb1\/4&#8243;][vc_single_image image=\u00bb2880&#8243; img_size=\u00bb\u00bb alignment=\u00bbcenter\u00bb style=\u00bbvc_box_circle_2&#8243; css=\u00bb.vc_custom_1628102746393{margin-bottom: 40px !important;}\u00bb][\/vc_column][vc_column width=\u00bb3\/4&#8243;][vc_custom_heading text=\u00bbPastoreo en la monta\u00f1a leonesa\u00bb font_container=\u00bbtag:h2|text_align:left|color:%238f9f78&#8243; use_theme_fonts=\u00bbyes\u00bb][vc_column_text]<\/p>\n<div style=\"font-size: 140%; line-height: 1.6; margin-top: 15px;\">\n<p>784, 785, 786&#8230;toda la noche contando ovejas! Y cuando llegamos por la ma\u00f1ana al puerto ya son 787 ya que est\u00e1 noche pari\u00f3 una de las ovejas. Violeta es pastora en la monta\u00f1a leonesa, experta conocedora del entorno, de las ovejas y de los mastines que tambi\u00e9n cr\u00eda.<\/p>\n<p>Compartir con ella y con su reba\u00f1o el d\u00eda es posible con esVivencial. Tendr\u00e1s la oportunidad de aprender de su oficio y disfrutar de un entorno natural inigualable.<\/p>\n<\/div>\n<p>[\/vc_column_text][vc_row_inner content_text_aligment=\u00bbcenter\u00bb css=\u00bb.vc_custom_1620892706205{margin-top: 40px !important;margin-bottom: 40px !important;}\u00bb][vc_column_inner]<a itemprop=\"url\" href=\"https:\/\/esvivencial.com\/index.php\/contacto\/\" target=\"_self\" style=\"background-color: #8f9f78\" class=\"mkdf-btn mkdf-btn-medium mkdf-btn-solid mkdf-btn-custom-hover-color\" data-hover-color=\"#8f9f78\" >\n    <span class=\"mkdf-btn-text\">Quieres saber m\u00e1s?<\/span>\n    <\/a>[\/vc_column_inner][\/vc_row_inner][\/vc_column][\/vc_row][\/vc_section][vc_row][vc_column][vc_column_text]<\/p>\n<p>[\/vc_column_text][\/vc_column][\/vc_row][vc_section css=\u00bb.vc_custom_1620822650156{margin-top: 40px !important;}\u00bb][vc_row][vc_column width=\u00bb1\/4&#8243;][vc_single_image image=\u00bb2633&#8243; img_size=\u00bb\u00bb alignment=\u00bbcenter\u00bb style=\u00bbvc_box_circle_2&#8243; css=\u00bb.vc_custom_1620892242726{margin-bottom: 40px !important;}\u00bb][\/vc_column][vc_column width=\u00bb3\/4&#8243;][vc_custom_heading text=\u00bbLa queser\u00eda de Rosa y Paula en Asturias\u00bb font_container=\u00bbtag:h2|text_align:left|color:%238f9f78&#8243; use_theme_fonts=\u00bbyes\u00bb][vc_column_text]<\/p>\n<div style=\"font-size: 140%; line-height: 1.6; margin-top: 15px;\">Madre e hija viven en su granja en el Oriente de Asturias. Tienen 30 cabras y con su leche hacen un delicioso queso.<br \/>\nPaula estudi\u00f3 Biolog\u00eda y volvi\u00f3 a su pueblo para ayudar a su madre con la granja familiar y aportar sus conocimientos en la elaboraci\u00f3n de un queso artesano y con criterios de sostenibilidad. Rosa es una experta en plantas arom\u00e1ticas, que cultiva en el jard\u00edn de la granja. Adem\u00e1s, hace un bizcocho exquisito cada ma\u00f1ana.<br \/>\nHace tres a\u00f1os, sus cabras enfermaron y estuvieron a punto de tener que cerrar la queser\u00eda. esVivencial les proporciona una actividad complementaria para no renunciar a su forma de vida.<\/div>\n<p>[\/vc_column_text][vc_row_inner content_text_aligment=\u00bbcenter\u00bb css=\u00bb.vc_custom_1620892706205{margin-top: 40px !important;margin-bottom: 40px !important;}\u00bb][vc_column_inner]<a itemprop=\"url\" href=\"https:\/\/esvivencial.com\/index.php\/contacto\/\" target=\"_self\" style=\"background-color: #8f9f78\" class=\"mkdf-btn mkdf-btn-medium mkdf-btn-solid mkdf-btn-custom-hover-color\" data-hover-color=\"#8f9f78\" >\n    <span class=\"mkdf-btn-text\">Quieres saber m\u00e1s?<\/span>\n    <\/a>[\/vc_column_inner][\/vc_row_inner][vc_empty_space][\/vc_column][\/vc_row][\/vc_section][vc_row][vc_column][vc_column_text]<\/p>\n<p>[\/vc_column_text][\/vc_column][\/vc_row][vc_section css=\u00bb.vc_custom_1620822650156{margin-top: 40px !important;}\u00bb][vc_row][vc_column width=\u00bb1\/4&#8243;][vc_single_image image=\u00bb2534&#8243; img_size=\u00bb\u00bb alignment=\u00bbcenter\u00bb style=\u00bbvc_box_circle_2&#8243; css=\u00bb.vc_custom_1620891529915{margin-bottom: 40px !important;}\u00bb][\/vc_column][vc_column width=\u00bb3\/4&#8243;][vc_custom_heading text=\u00bbLa bodega de Ana y Tom\u00e1s en La Rioja\u00bb font_container=\u00bbtag:h2|text_align:left|color:%238f9f78&#8243; use_theme_fonts=\u00bbyes\u00bb][vc_column_text]<\/p>\n<div style=\"font-size: 140%; line-height: 1.6; margin-top: 15px;\">Ana y Tom\u00e1s tienen una peque\u00f1a bodega en un pueblo de la Rioja Alavesa, con 20 hect\u00e1reas de vi\u00f1edos que miman durante todo el a\u00f1o para elaborar sus vinos artesanos.<br \/>\nTom\u00e1s es un experto en cocinar platos t\u00edpicos de la zona, y siempre disfruta compartiendo la elaboraci\u00f3n y explicando algunos de sus secretos.<br \/>\nAna es la encargada de catar y dar el visto bueno a cada cosecha. Aunque sus labores de en\u00f3loga no le impiden cuidar con esmero los rosales que presiden cada l\u00ednea de vi\u00f1edos y la entrada de la bodega.<br \/>\nLlegar a vivir de su pasi\u00f3n no ha sido un trabajo f\u00e1cil. A\u00fan hoy en d\u00eda una mala cosecha puede hacer tambalear su forma de vida.<br \/>\nPara ellos esVivencial es la oportunidad de compartir su d\u00eda a d\u00eda con viajeros curiosos y poder seguir haciendo lo que les apasiona.<\/div>\n<p>[\/vc_column_text][vc_row_inner content_text_aligment=\u00bbcenter\u00bb css=\u00bb.vc_custom_1620892706205{margin-top: 40px !important;margin-bottom: 40px !important;}\u00bb][vc_column_inner]<a itemprop=\"url\" href=\"https:\/\/esvivencial.com\/index.php\/contacto\/\" target=\"_self\" style=\"background-color: #8f9f78\" class=\"mkdf-btn mkdf-btn-medium mkdf-btn-solid mkdf-btn-custom-hover-color\" data-hover-color=\"#8f9f78\" >\n    <span class=\"mkdf-btn-text\">Quieres saber m\u00e1s?<\/span>\n    <\/a>[\/vc_column_inner][\/vc_row_inner][\/vc_column][\/vc_row][\/vc_section]<\/p>\n","protected":false},"excerpt":{"rendered":"<p>[vc_section css=\u00bb.vc_custom_1620822650156{margin-top: 40px !important;}\u00bb][vc_row][vc_column width=\u00bb1\/4&#8243;][vc_single_image image=\u00bb2880&#8243; img_size=\u00bb\u00bb alignment=\u00bbcenter\u00bb style=\u00bbvc_box_circle_2&#8243; css=\u00bb.vc_custom_1628102746393{margin-bottom: 40px !important;}\u00bb][\/vc_column][vc_column width=\u00bb3\/4&#8243;][vc_custom_heading text=\u00bbPastoreo en la monta\u00f1a leonesa\u00bb font_container=\u00bbtag:h2|text_align:left|color:%238f9f78&#8243; use_theme_fonts=\u00bbyes\u00bb][vc_column_text] 784, 785, 786&#8230;toda la noche contando ovejas! Y cuando llegamos por la ma\u00f1ana al puerto ya son 787 ya que est\u00e1 noche pari\u00f3 una de las ovejas. Violeta es pastora en la monta\u00f1a leonesa, experta conocedora del entorno, de las ovejas y de los mastines que tambi\u00e9n cr\u00eda. Compartir con ella y con su reba\u00f1o el d\u00eda es posible con esVivencial. Tendr\u00e1s la oportunidad de aprender de su [&hellip;]<\/p>\n","protected":false},"author":1,"featured_media":0,"parent":0,"menu_order":0,"comment_status":"closed","ping_status":"closed","template":"","meta":[],"_links":{"self":[{"href":"https:\/\/esvivencial.com\/index.php\/wp-json\/wp\/v2\/pages\/2428"}],"collection":[{"href":"https:\/\/esvivencial.com\/index.php\/wp-json\/wp\/v2\/pages"}],"about":[{"href":"https:\/\/esvivencial.com\/index.php\/wp-json\/wp\/v2\/types\/page"}],"author":[{"embeddable":true,"href":"https:\/\/esvivencial.com\/index.php\/wp-json\/wp\/v2\/users\/1"}],"replies":[{"embeddable":true,"href":"https:\/\/esvivencial.com\/index.php\/wp-json\/wp\/v2\/comments?post=2428"}],"version-history":[{"count":50,"href":"https:\/\/esvivencial.com\/index.php\/wp-json\/wp\/v2\/pages\/2428\/revisions"}],"predecessor-version":[{"id":2909,"href":"https:\/\/esvivencial.com\/index.php\/wp-json\/wp\/v2\/pages\/2428\/revisions\/2909"}],"wp:attachment":[{"href":"https:\/\/esvivencial.com\/index.php\/wp-json\/wp\/v2\/media?parent=2428"}],"curies":[{"name":"wp","href":"https:\/\/api.w.org\/{rel}","templated":true}]}}